{"id":108,"date":"2024-10-28T14:09:18","date_gmt":"2024-10-28T14:09:18","guid":{"rendered":"https:\/\/thev.pt\/pagina-inicial\/"},"modified":"2025-09-03T14:30:16","modified_gmt":"2025-09-03T14:30:16","slug":"thev-essencia-exceptional-living","status":"publish","type":"page","link":"https:\/\/thev.pt\/pt-pt\/","title":{"rendered":"THE V: a Ess\u00eancia do Exceptional Living"},"content":{"rendered":"\n<div class=\"wp-block-kobu-custom-blocks-section-wrapper alignfull kobu-section section-bg is-layout-constrained wp-block-kobu-custom-blocks-section-wrapper-is-layout-constrained\">\n<div class=\"wp-block-kobu-custom-blocks-responsive-spacer responsive-spacer size-medium\"><\/div>\n\n\n\n<div class=\"wp-block-kobu-custom-blocks-responsive-spacer responsive-spacer size-xlarge\"><\/div>\n\n\n\n<p class=\"alignwide has-text-align-wide intro-p has-medium-large-font-size\">Onde a arquitetura intemporal e a sustentabilidade se unem num estilo de vida excepcional.<\/p>\n\n\n\n<p class=\"alignwide has-text-align-wide intro-p has-medium-large-font-size\">Pensado para quem privilegia a tranquilidade, a privacidade e um estilo de vida distinto, o THE V \u00e9 a express\u00e3o de um saber-fazer artesanal rigoroso, com acabamentos e materiais criteriosamente selecionados que exaltam a beleza natural da pedra e da madeira, conciliando com eleg\u00e2ncia os espa\u00e7os interiores e exteriores numa experi\u00eancia de vida verdadeiramente \u00fanica.<\/p>\n\n\n\n<div class=\"wp-block-kobu-custom-blocks-responsive-spacer responsive-spacer size-xlarge\"><\/div>\n\n\n\n<figure class=\"wp-block-embed alignwide is-type-video is-provider-youtube wp-block-embed-youtube wp-embed-aspect-16-9 wp-has-aspect-ratio\"><div class=\"wp-block-embed__wrapper\">\n<div class=\"youtube embed-container not-loaded youtube\"><div class=\"video-placeholder\" style=\"background-image: url(https:\/\/img.youtube.com\/vi\/6e8gKpU1kv0\/maxresdefault.jpg);\"><\/div><div class=\"iframe youtube-video\" title=\"THE V - Exceptional Living\" data-iframe-src=\"6e8gKpU1kv0\" data-iframe-origin=\"https:\/\/thev.pt\/pt-pt\/\" data-iframe-start=\"0\"><noscript><iframe loading=\"lazy\" class=\"youtube-video\" title=\"V\u00eddeo do YouTube\" width=\"640\" height=\"360\" src=\"https:\/\/www.youtube-nocookie.com\/embed\/6e8gKpU1kv0?modestbranding=1&#038;rel=0&#038;enablejsapi=1&#038;origin=https:\/\/thev.pt\/pt-pt\/\" allow=\"accelerometer; autoplay; clipboard-write; encrypted-media; gyroscope; picture-in-picture; web-share\" allowfullscreen referrerpolicy=\"strict-origin-when-cross-origin\"><\/iframe><\/noscript><\/div><\/div>\n<\/div><\/figure>\n<\/div>\n\n\n\n<div class=\"wp-block-kobu-custom-blocks-responsive-spacer responsive-spacer size-xlarge\"><\/div>\n\n\n\n<div class=\"wp-block-kobu-custom-blocks-inner-content-img alignfull media-content-group child-item align-left valign-start img-first no-left-margin icon-big-v\"><div class=\"media-col\"><figure><img loading=\"lazy\" decoding=\"async\" width=\"1366\" height=\"1168\" class=\"wp-image-2514\" src=\"https:\/\/thev.pt\/files\/uploads\/2025\/07\/the-v-aparments-building-front-detail.webp\" alt=\"\" title=\"the-v-aparments-building-front-detail\" sizes=\"auto, (min-width: 601px) 50vw, 100vw\" srcset=\"https:\/\/thev.pt\/files\/uploads\/2025\/07\/the-v-aparments-building-front-detail.webp 1366w, https:\/\/thev.pt\/files\/uploads\/2025\/07\/the-v-aparments-building-front-detail-300x257.webp 300w, https:\/\/thev.pt\/files\/uploads\/2025\/07\/the-v-aparments-building-front-detail-1024x876.webp 1024w, https:\/\/thev.pt\/files\/uploads\/2025\/07\/the-v-aparments-building-front-detail-768x657.webp 768w\" \/><\/figure><\/div><div class=\"content-col\"><div class=\"content-col-wrapper\">\n<h2 class=\"wp-block-heading\" id=\"the-v-apartments-exceptional-living-inspired-by-timeless-design-1\">Apartamentos THE V: um estilo de vida excepcional inspirado por um design intemporal<\/h2>\n\n\n\n<p>Situado no cora\u00e7\u00e3o do Tri\u00e2ngulo Dourado do Algarve, entre a Quinta do Lago e Vale do Lobo, o THE V apresenta uma cole\u00e7\u00e3o exclusiva de 20 apartamentos premium, com tipologias de dois, tr\u00eas e quatro quartos, incluindo deslumbrantes apartamentos de cobertura com piscinas privativas no terra\u00e7o.<\/p>\n\n\n\n<p>Harmoniosamente integrados na paisagem envolvente, todos os apartamentos foram concebidos com cozinhas feitas por medida e mobili\u00e1rio artesanal da Edwin Loxley, bem como pacotes de interiores personalizados, dispon\u00edveis atrav\u00e9s da nossa parceria exclusiva com a Pure Allure Interiors.<\/p>\n\n\n\n<p>No cora\u00e7\u00e3o do THE V, os residentes encontram o THE Park, um sereno pinhal que reflete a tranquilidade do clima mediterr\u00e2neo. Com foco na gest\u00e3o sustent\u00e1vel da \u00e1gua e na planta\u00e7\u00e3o de esp\u00e9cies aut\u00f3ctones, o THE Park \u00e9 um ref\u00fagio que apazigua a alma, com comodidades que convidam residentes e visitantes a relaxar e a recuperar energias.<\/p>\n\n\n\n<p>A complementar esta experi\u00eancia de excectional living, o THE V oferece ainda servi\u00e7os de concierge dedicados, estacionamento subterr\u00e2neo privado, arrecada\u00e7\u00f5es seguras e seguran\u00e7a monitorizada 24 horas por dia.<\/p>\n<\/div><\/div><\/div>\n\n\n\n<div class=\"wp-block-kobu-custom-blocks-responsive-spacer responsive-spacer size-custom\" data-small=\"80\" data-medium=\"100\" data-large=\"120\" style=\"height:100px\"><\/div>\n\n\n\n<div class=\"wp-block-kobu-custom-blocks-section-wrapper alignfull kobu-section apartments-slider-section is-layout-constrained wp-block-kobu-custom-blocks-section-wrapper-is-layout-constrained\">\n<h2 class=\"wp-block-heading\" id=\"the-exceptional-apartments-2\">Apartamentos Excepcionais.<\/h2>\n\n\n\t<div class=\"apartments-slider-block alignfull slider-gallery hidden multiple\">\n\t\t<div class=\"gallery\" role=\"list\" data-slide=\"0\" tabindex=\"0\">\n\t\t\t\t\t\t\t<div class=\"slide\" role=\"listitem\">\n\t\t\t\t\t<a href=\"https:\/\/thev.pt\/pt-pt\/apartamentos-the-v\/apartamentos-the-pool\/\">\n\t\t\t\t\t\t\t\t\t\t\t\t\t\t\t\t\t\t\t<div class=\"fixed-ratio-img\">\n\t\t\t\t\t\t\t\t<img loading=\"lazy\" decoding=\"async\" width=\"1536\" height=\"1536\" src=\"https:\/\/thev.pt\/files\/uploads\/2024\/11\/the-v-apartments-the-pool-20250723-104017-1536x1536.webp\" class=\"coverimg\" alt=\"\" sizes=\"auto, 100vw\" srcset=\"https:\/\/thev.pt\/files\/uploads\/2024\/11\/the-v-apartments-the-pool-20250723-104017-1536x1536.webp 1536w, https:\/\/thev.pt\/files\/uploads\/2024\/11\/the-v-apartments-the-pool-20250723-104017-300x300.webp 300w, https:\/\/thev.pt\/files\/uploads\/2024\/11\/the-v-apartments-the-pool-20250723-104017-1024x1024.webp 1024w, https:\/\/thev.pt\/files\/uploads\/2024\/11\/the-v-apartments-the-pool-20250723-104017-150x150.webp 150w, https:\/\/thev.pt\/files\/uploads\/2024\/11\/the-v-apartments-the-pool-20250723-104017-768x768.webp 768w, https:\/\/thev.pt\/files\/uploads\/2024\/11\/the-v-apartments-the-pool-20250723-104017.webp 1800w\" \/>\t\t\t\t\t\t\t<\/div>\n\t\t\t\t\t\t\t\t\t\t\t\t<h3>Apartamentos THE Pool<\/h3>\n\t\t\t\t\t<\/a>\n\t\t\t\t<\/div>\n\t\t\t\t\t\t\t<div class=\"slide\" role=\"listitem\">\n\t\t\t\t\t<a href=\"https:\/\/thev.pt\/pt-pt\/apartamentos-the-v\/apartamentos-the-park-view\/\">\n\t\t\t\t\t\t\t\t\t\t\t\t\t\t\t\t\t\t\t<div class=\"fixed-ratio-img\">\n\t\t\t\t\t\t\t\t<img loading=\"lazy\" decoding=\"async\" width=\"1536\" height=\"1536\" src=\"https:\/\/thev.pt\/files\/uploads\/2024\/12\/the-v-apartments-the-park-view-1-20250723-100629-1536x1536.webp\" class=\"coverimg\" alt=\"The balconies of THE V apartments, seen from the outside.\" sizes=\"auto, 100vw\" srcset=\"https:\/\/thev.pt\/files\/uploads\/2024\/12\/the-v-apartments-the-park-view-1-20250723-100629-1536x1536.webp 1536w, https:\/\/thev.pt\/files\/uploads\/2024\/12\/the-v-apartments-the-park-view-1-20250723-100629-300x300.webp 300w, https:\/\/thev.pt\/files\/uploads\/2024\/12\/the-v-apartments-the-park-view-1-20250723-100629-1024x1024.webp 1024w, https:\/\/thev.pt\/files\/uploads\/2024\/12\/the-v-apartments-the-park-view-1-20250723-100629-150x150.webp 150w, https:\/\/thev.pt\/files\/uploads\/2024\/12\/the-v-apartments-the-park-view-1-20250723-100629-768x768.webp 768w, https:\/\/thev.pt\/files\/uploads\/2024\/12\/the-v-apartments-the-park-view-1-20250723-100629.webp 1800w\" \/>\t\t\t\t\t\t\t<\/div>\n\t\t\t\t\t\t\t\t\t\t\t\t<h3>Apartamentos THE Park View<\/h3>\n\t\t\t\t\t<\/a>\n\t\t\t\t<\/div>\n\t\t\t\t\t\t\t<div class=\"slide\" role=\"listitem\">\n\t\t\t\t\t<a href=\"https:\/\/thev.pt\/pt-pt\/apartamentos-the-v\/apartamentos-the-penthouse\/\">\n\t\t\t\t\t\t\t\t\t\t\t\t\t\t\t\t\t\t\t<div class=\"fixed-ratio-img\">\n\t\t\t\t\t\t\t\t<img loading=\"lazy\" decoding=\"async\" width=\"1536\" height=\"1536\" src=\"https:\/\/thev.pt\/files\/uploads\/2024\/12\/the-v-apartments-the-penthouses-3-1536x1536.webp\" class=\"coverimg\" alt=\"\" sizes=\"auto, 100vw\" srcset=\"https:\/\/thev.pt\/files\/uploads\/2024\/12\/the-v-apartments-the-penthouses-3-1536x1536.webp 1536w, https:\/\/thev.pt\/files\/uploads\/2024\/12\/the-v-apartments-the-penthouses-3-300x300.webp 300w, https:\/\/thev.pt\/files\/uploads\/2024\/12\/the-v-apartments-the-penthouses-3-1024x1024.webp 1024w, https:\/\/thev.pt\/files\/uploads\/2024\/12\/the-v-apartments-the-penthouses-3-150x150.webp 150w, https:\/\/thev.pt\/files\/uploads\/2024\/12\/the-v-apartments-the-penthouses-3-768x768.webp 768w, https:\/\/thev.pt\/files\/uploads\/2024\/12\/the-v-apartments-the-penthouses-3.webp 1800w\" \/>\t\t\t\t\t\t\t<\/div>\n\t\t\t\t\t\t\t\t\t\t\t\t<h3>Apartamentos THE Penthouse<\/h3>\n\t\t\t\t\t<\/a>\n\t\t\t\t<\/div>\n\t\t\t\t\t<\/div>\n\t<\/div>\n\n\n\n<div class=\"wp-block-buttons alignwide is-content-justification-center is-layout-flex wp-container-core-buttons-is-layout-16018d1d wp-block-buttons-is-layout-flex\">\n<div class=\"wp-block-button read-more\"><a class=\"wp-block-button__link wp-element-button\" href=\"https:\/\/thev.pt\/pt-pt\/apartamentos-the-v\/\">Saber mais sobre os apartamentos<\/a><\/div>\n<\/div>\n\n\n\n<div class=\"wp-block-kobu-custom-blocks-responsive-spacer responsive-spacer size-large\"><\/div>\n<\/div>\n\n\n\n<div class=\"wp-block-kobu-custom-blocks-section-wrapper alignfull kobu-section our-partners is-layout-constrained wp-block-kobu-custom-blocks-section-wrapper-is-layout-constrained\">\n<h2 class=\"wp-block-heading alignfull has-medium-font-size\" id=\"our-partners-3\">Os Nossos Parceiros<\/h2>\n\n\n\t<div class=\"partners-logos-slider-block alignfull slider-gallery hidden multiple\">\n\t\t<div class=\"gallery\" role=\"list\" data-slide=\"0\" tabindex=\"0\">\n\t\t\t\t\t\t\t<div class=\"slide\" role=\"listitem\">\n\t\t\t\t\t\t\t\t\t\t\t<div class=\"featured-img\">\n\t\t\t\t\t\t\t<img loading=\"lazy\" decoding=\"async\" width=\"374\" height=\"136\" src=\"https:\/\/thev.pt\/files\/uploads\/2025\/07\/the-v-partner-david-sinclair-arquitectos-associados-1.webp\" class=\"\" alt=\"David Sinclair Arquitectos Associados\" sizes=\"auto, 100vw\" srcset=\"https:\/\/thev.pt\/files\/uploads\/2025\/07\/the-v-partner-david-sinclair-arquitectos-associados-1.webp 374w, https:\/\/thev.pt\/files\/uploads\/2025\/07\/the-v-partner-david-sinclair-arquitectos-associados-1-300x109.webp 300w\" \/>\t\t\t\t\t\t<\/div>\n\t\t\t\t\t\t\t\t\t<\/div>\n\t\t\t\t\t\t\t<div class=\"slide\" role=\"listitem\">\n\t\t\t\t\t\t\t\t\t\t\t<div class=\"featured-img\">\n\t\t\t\t\t\t\t<img loading=\"lazy\" decoding=\"async\" width=\"260\" height=\"120\" src=\"https:\/\/thev.pt\/files\/uploads\/2025\/07\/the-v-partner-marques-antunes-1.webp\" class=\"\" alt=\"MAE logo\" sizes=\"auto, 100vw\" \/>\t\t\t\t\t\t<\/div>\n\t\t\t\t\t\t\t\t\t<\/div>\n\t\t\t\t\t\t\t<div class=\"slide\" role=\"listitem\">\n\t\t\t\t\t\t\t\t\t\t\t<div class=\"featured-img\">\n\t\t\t\t\t\t\t<img loading=\"lazy\" decoding=\"async\" width=\"78\" height=\"23\" src=\"https:\/\/thev.pt\/files\/uploads\/2025\/07\/the-v-partners-projectline.svg\" class=\"\" alt=\"Projectline logo\" sizes=\"auto, 100vw\" \/>\t\t\t\t\t\t<\/div>\n\t\t\t\t\t\t\t\t\t<\/div>\n\t\t\t\t\t\t\t<div class=\"slide\" role=\"listitem\">\n\t\t\t\t\t\t\t\t\t\t\t<div class=\"featured-img\">\n\t\t\t\t\t\t\t<img loading=\"lazy\" decoding=\"async\" width=\"264\" height=\"120\" src=\"https:\/\/thev.pt\/files\/uploads\/2025\/07\/the-v-partner-edwin-loxley-1.webp\" class=\"\" alt=\"Edwin Loxley logo\" sizes=\"auto, 100vw\" \/>\t\t\t\t\t\t<\/div>\n\t\t\t\t\t\t\t\t\t<\/div>\n\t\t\t\t\t\t\t<div class=\"slide\" role=\"listitem\">\n\t\t\t\t\t\t\t\t\t\t\t<div class=\"featured-img\">\n\t\t\t\t\t\t\t<img loading=\"lazy\" decoding=\"async\" width=\"184\" height=\"120\" src=\"https:\/\/thev.pt\/files\/uploads\/2025\/07\/the-v-partner-jardim-vista-1.webp\" class=\"\" alt=\"Jardim Vista logo\" sizes=\"auto, 100vw\" \/>\t\t\t\t\t\t<\/div>\n\t\t\t\t\t\t\t\t\t<\/div>\n\t\t\t\t\t\t\t<div class=\"slide\" role=\"listitem\">\n\t\t\t\t\t\t\t\t\t\t\t<div class=\"featured-img\">\n\t\t\t\t\t\t\t<img loading=\"lazy\" decoding=\"async\" width=\"120\" height=\"120\" src=\"https:\/\/thev.pt\/files\/uploads\/2025\/07\/the-v-partner-pure-allure-interior-1.webp\" class=\"\" alt=\"Pure Allure Interior logo\" sizes=\"auto, 100vw\" \/>\t\t\t\t\t\t<\/div>\n\t\t\t\t\t\t\t\t\t<\/div>\n\t\t\t\t\t\t\t<div class=\"slide\" role=\"listitem\">\n\t\t\t\t\t\t\t\t\t\t\t<div class=\"featured-img\">\n\t\t\t\t\t\t\t<img loading=\"lazy\" decoding=\"async\" width=\"330\" height=\"120\" src=\"https:\/\/thev.pt\/files\/uploads\/2025\/07\/the-v-partner-kobu-agency-1.webp\" class=\"\" alt=\"KOBU Agency logo\" sizes=\"auto, 100vw\" srcset=\"https:\/\/thev.pt\/files\/uploads\/2025\/07\/the-v-partner-kobu-agency-1.webp 330w, https:\/\/thev.pt\/files\/uploads\/2025\/07\/the-v-partner-kobu-agency-1-300x109.webp 300w\" \/>\t\t\t\t\t\t<\/div>\n\t\t\t\t\t\t\t\t\t<\/div>\n\t\t\t\t\t\t\t<div class=\"slide\" role=\"listitem\">\n\t\t\t\t\t\t\t\t\t\t\t<div class=\"featured-img\">\n\t\t\t\t\t\t\t<img loading=\"lazy\" decoding=\"async\" width=\"520\" height=\"240\" src=\"https:\/\/thev.pt\/files\/uploads\/2024\/12\/logo-golden-triangle-properties-2.webp\" class=\"\" alt=\"Golden Triangle Properties logo\" sizes=\"auto, 100vw\" srcset=\"https:\/\/thev.pt\/files\/uploads\/2024\/12\/logo-golden-triangle-properties-2.webp 520w, https:\/\/thev.pt\/files\/uploads\/2024\/12\/logo-golden-triangle-properties-2-300x138.webp 300w\" \/>\t\t\t\t\t\t<\/div>\n\t\t\t\t\t\t\t\t\t<\/div>\n\t\t\t\t\t<\/div>\n\t<\/div>\n<\/div>\n","protected":false},"excerpt":{"rendered":"","protected":false},"author":1,"featured_media":2864,"parent":0,"menu_order":0,"comment_status":"closed","ping_status":"closed","template":"templates\/homepage.php","meta":{"_acf_changed":false,"inline_featured_image":false,"footnotes":""},"class_list":["post-108","page","type-page","status-publish","has-post-thumbnail","hentry"],"acf":[],"_links":{"self":[{"href":"https:\/\/thev.pt\/pt-pt\/wp-json\/wp\/v2\/pages\/108","targetHints":{"allow":["GET"]}}],"collection":[{"href":"https:\/\/thev.pt\/pt-pt\/wp-json\/wp\/v2\/pages"}],"about":[{"href":"https:\/\/thev.pt\/pt-pt\/wp-json\/wp\/v2\/types\/page"}],"author":[{"embeddable":true,"href":"https:\/\/thev.pt\/pt-pt\/wp-json\/wp\/v2\/users\/1"}],"replies":[{"embeddable":true,"href":"https:\/\/thev.pt\/pt-pt\/wp-json\/wp\/v2\/comments?post=108"}],"version-history":[{"count":5,"href":"https:\/\/thev.pt\/pt-pt\/wp-json\/wp\/v2\/pages\/108\/revisions"}],"predecessor-version":[{"id":3685,"href":"https:\/\/thev.pt\/pt-pt\/wp-json\/wp\/v2\/pages\/108\/revisions\/3685"}],"wp:featuredmedia":[{"embeddable":true,"href":"https:\/\/thev.pt\/pt-pt\/wp-json\/wp\/v2\/media\/2864"}],"wp:attachment":[{"href":"https:\/\/thev.pt\/pt-pt\/wp-json\/wp\/v2\/media?parent=108"}],"curies":[{"name":"wp","href":"https:\/\/api.w.org\/{rel}","templated":true}]}}